{"version":"1.0","provider_name":"Actualit\u00e9 de l&#039;immobilier et le logement en Alg\u00e9rie","provider_url":"https:\/\/www.lkeria.com\/actualites","author_name":"Redaction Lkeria","author_url":"https:\/\/www.lkeria.com\/actualites\/author\/redaction-lkeria\/","title":"La politique de logement ne changera pas - Actualit\u00e9 de l&#039;immobilier et le logement en Alg\u00e9rie","type":"rich","width":600,"height":338,"html":"<blockquote class=\"wp-embedded-content\" data-secret=\"nPMb2PKsI5\"><a href=\"https:\/\/www.lkeria.com\/actualites\/immobilier\/la-politique-de-logement-ne-changera-pas\/\">La politique de logement ne changera pas<\/a><\/blockquote><iframe sandbox=\"allow-scripts\" security=\"restricted\" src=\"https:\/\/www.lkeria.com\/actualites\/immobilier\/la-politique-de-logement-ne-changera-pas\/embed\/#?secret=nPMb2PKsI5\" width=\"600\" height=\"338\" title=\"\u00ab\u00a0La politique de logement ne changera pas\u00a0\u00bb &#8212; Actualit\u00e9 de l&#039;immobilier et le logement en Alg\u00e9rie\" data-secret=\"nPMb2PKsI5\" frameborder=\"0\" marginwidth=\"0\" marginheight=\"0\" scrolling=\"no\" class=\"wp-embedded-content\"><\/iframe><script type=\"text\/javascript\">\n\/* <![CDATA[ *\/\n\/*! This file is auto-generated *\/\n!function(d,l){\"use strict\";l.querySelector&&d.addEventListener&&\"undefined\"!=typeof URL&&(d.wp=d.wp||{},d.wp.receiveEmbedMessage||(d.wp.receiveEmbedMessage=function(e){var t=e.data;if((t||t.secret||t.message||t.value)&&!\/[^a-zA-Z0-9]\/.test(t.secret)){for(var s,r,n,a=l.querySelectorAll('iframe[data-secret=\"'+t.secret+'\"]'),o=l.querySelectorAll('blockquote[data-secret=\"'+t.secret+'\"]'),c=new RegExp(\"^https?:$\",\"i\"),i=0;i<o.length;i++)o[i].style.display=\"none\";for(i=0;i<a.length;i++)s=a[i],e.source===s.contentWindow&&(s.removeAttribute(\"style\"),\"height\"===t.message?(1e3<(r=parseInt(t.value,10))?r=1e3:~~r<200&&(r=200),s.height=r):\"link\"===t.message&&(r=new URL(s.getAttribute(\"src\")),n=new URL(t.value),c.test(n.protocol))&&n.host===r.host&&l.activeElement===s&&(d.top.location.href=t.value))}},d.addEventListener(\"message\",d.wp.receiveEmbedMessage,!1),l.addEventListener(\"DOMContentLoaded\",function(){for(var e,t,s=l.querySelectorAll(\"iframe.wp-embedded-content\"),r=0;r<s.length;r++)(t=(e=s[r]).getAttribute(\"data-secret\"))||(t=Math.random().toString(36).substring(2,12),e.src+=\"#?secret=\"+t,e.setAttribute(\"data-secret\",t)),e.contentWindow.postMessage({message:\"ready\",secret:t},\"*\")},!1)))}(window,document);\n\/\/# sourceURL=https:\/\/www.lkeria.com\/actualites\/wp-includes\/js\/wp-embed.min.js\n\/* ]]> *\/\n<\/script>\n","description":"Avec le remaniement partiel qu\u2019a connu le gouvernement alg\u00e9rien et l\u2019arriv\u00e9e de l\u2019ex-Wali de Mostaganem \u00e0 la t\u00eate du minist\u00e8re de l\u2019habitat de l\u2019urbanisme et de la ville, des inqui\u00e9tudes et des questionnements sur l\u2019avenir des diff\u00e9rentes formules publiques se partagent sur les r\u00e9seaux sociaux depuis quelques jours. En marge de la c\u00e9r\u00e9monie de passation [&hellip;]","thumbnail_url":"https:\/\/www.lkeria.com\/actualites\/wp-content\/uploads\/2020\/07\/logo-lkeria.png","thumbnail_width":200,"thumbnail_height":72}